{"id":48826,"date":"2023-08-24T08:23:02","date_gmt":"2023-08-24T06:23:02","guid":{"rendered":"https:\/\/klima-theke.com\/produkt\/mdf-heizkoerper-abdeckung-heizkoerperverkleidung-112-cm-weiss\/"},"modified":"2023-10-30T09:19:24","modified_gmt":"2023-10-30T07:19:24","slug":"mdf-heizkoerper-abdeckung-heizkoerperverkleidung-112-cm-weiss","status":"publish","type":"product","link":"https:\/\/klima-theke.com\/?product=mdf-heizkoerper-abdeckung-heizkoerperverkleidung-112-cm-weiss","title":{"rendered":"MDF Heizk\u00f6rper-Abdeckung Heizk\u00f6rperverkleidung 112 cm, wei\u00df"},"content":{"rendered":"<p>Diese Heizk\u00f6rperverkleidung ist eine stilvolle und praktische Erg\u00e4nzung f\u00fcr Ihren Wohnraum. Sie hat nicht nur eine dekorative Funktion, sondern bietet auch zus\u00e4tzlichen Stauraum f\u00fcr B\u00fccher, Fotorahmen, Schmuckst\u00fccke usw. Aus hochwertigem MDF hergestellt, ist diese Heizk\u00f6rperverkleidung robust und langlebig. Dar\u00fcber hinaus hat diese Heizk\u00f6rper-Abdeckung ein modernes Lamellen-Design, das zu jedem Dekor perfekt passt. Die Montage ist ganz einfach.<\/p>\n<ul>\n<li>Farbe: Wei\u00df<\/li>\n<li>Material: MDF mit mattem Finish<\/li>\n<li>Gesamtma\u00dfe: 112 x 19 x 81 cm (B x T x H)<\/li>\n<li>Montage ist sehr einfach<\/li>\n<\/ul>\n","protected":false},"excerpt":{"rendered":"<p>Diese Heizk\u00f6rperverkleidung ist eine stilvolle und praktische Erg\u00e4nzung f\u00fcr Ihren Wohnraum. Sie hat nicht nur eine dekorative Funktion, sondern bietet auch zus\u00e4tzlichen Stauraum f\u00fcr B\u00fccher, Fotorahmen, Schmuckst\u00fccke usw. Aus hochwertigem MDF hergestellt, ist diese Heizk\u00f6rperverkleidung robust und langlebig. Dar\u00fcber hinaus hat diese Heizk\u00f6rper-Abdeckung ein modernes Lamellen-Design, das zu jedem Dekor perfekt passt. Die Montage ist [&#8230;]\n","protected":false},"featured_media":124859,"template":"","meta":[],"product_cat":[38],"product_tag":[],"class_list":{"0":"post-48826","1":"product","2":"type-product","3":"status-publish","4":"has-post-thumbnail","6":"product_cat-heizungen-zubehoer","8":"first","9":"instock","10":"taxable","11":"shipping-taxable","12":"purchasable","13":"product-type-simple"},"_links":{"self":[{"href":"https:\/\/klima-theke.com\/index.php?rest_route=\/wp\/v2\/product\/48826","targetHints":{"allow":["GET"]}}],"collection":[{"href":"https:\/\/klima-theke.com\/index.php?rest_route=\/wp\/v2\/product"}],"about":[{"href":"https:\/\/klima-theke.com\/index.php?rest_route=\/wp\/v2\/types\/product"}],"wp:featuredmedia":[{"embeddable":true,"href":"https:\/\/klima-theke.com\/index.php?rest_route=\/wp\/v2\/media\/124859"}],"wp:attachment":[{"href":"https:\/\/klima-theke.com\/index.php?rest_route=%2Fwp%2Fv2%2Fmedia&parent=48826"}],"wp:term":[{"taxonomy":"product_cat","embeddable":true,"href":"https:\/\/klima-theke.com\/index.php?rest_route=%2Fwp%2Fv2%2Fproduct_cat&post=48826"},{"taxonomy":"product_tag","embeddable":true,"href":"https:\/\/klima-theke.com\/index.php?rest_route=%2Fwp%2Fv2%2Fproduct_tag&post=48826"}],"curies":[{"name":"wp","href":"https:\/\/api.w.org\/{rel}","templated":true}]}}