{"id":42320,"date":"2023-08-18T20:20:12","date_gmt":"2023-08-18T18:20:12","guid":{"rendered":"https:\/\/klima-theke.com\/produkt\/3-tlg-brennholzkorb-set-stapelbar-dunkelbraun-weide\/"},"modified":"2023-10-29T10:58:15","modified_gmt":"2023-10-29T08:58:15","slug":"3-tlg-brennholzkorb-set-stapelbar-dunkelbraun-weide","status":"publish","type":"product","link":"https:\/\/klima-theke.com\/?product=3-tlg-brennholzkorb-set-stapelbar-dunkelbraun-weide","title":{"rendered":"3-tlg. Brennholzkorb-Set Stapelbar Dunkelbraun Weide"},"content":{"rendered":"<p>Diese 3 Brennholzk\u00f6rbe mit Tragegriffen sind eine ideale Aufbewahrungsl\u00f6sung f\u00fcr Ihr Brennholz neben Ihrem Kamin. Diese Holzk\u00f6rbe aus Naturweide strahlen einen rustikalen Charme aus und sind somit eine tolle Erg\u00e4nzung im Landhausstil. Die 2 Seilgriffe erleichtern das Tragen des Brennholzes. Die starke, robuste Konstruktion sorgt f\u00fcr eine lange Lebensdauer. Vielseitig einsetzbar, k\u00f6nnen diese Weidenk\u00f6rbe auch als W\u00e4schek\u00f6rbe dienen oder zur Gem\u00fcseaufbewahrung verwendet werden. Dank ihres platzsparenden Designs k\u00f6nnen sie bei Nichtgebrauch in den gr\u00f6\u00dften Korb gestapelt werden. Die Lieferung beinhaltet 3 Brennholzk\u00f6rbe.<\/p>\n<ul>\n<li>Farbe: Dunkelbraun<\/li>\n<li>Material: Weide<\/li>\n<li>Ma\u00dfe (S): 40 x 25 cm (Durchmesser x H)<\/li>\n<li>Ma\u00dfe (M): 50 x 35 cm (Durchmesser x H)<\/li>\n<li>Ma\u00dfe (L): 60 x 38 cm (Durchmesser x H)<\/li>\n<li>Mit Griffen zum einfachen Tragen<\/li>\n<li>Vielseitig einsetzbar<\/li>\n<li>Keine Montage n\u00f6tig<\/li>\n<li><strong>Lieferung enth\u00e4lt:<\/strong><\/li>\n<li>3 x Brennholz Korb<\/li>\n<\/ul>\n","protected":false},"excerpt":{"rendered":"<p>Diese 3 Brennholzk\u00f6rbe mit Tragegriffen sind eine ideale Aufbewahrungsl\u00f6sung f\u00fcr Ihr Brennholz neben Ihrem Kamin. Diese Holzk\u00f6rbe aus Naturweide strahlen einen rustikalen Charme aus und sind somit eine tolle Erg\u00e4nzung im Landhausstil. Die 2 Seilgriffe erleichtern das Tragen des Brennholzes. Die starke, robuste Konstruktion sorgt f\u00fcr eine lange Lebensdauer. Vielseitig einsetzbar, k\u00f6nnen diese Weidenk\u00f6rbe auch [&#8230;]\n","protected":false},"featured_media":124313,"template":"","meta":[],"product_cat":[46],"product_tag":[],"class_list":{"0":"post-42320","1":"product","2":"type-product","3":"status-publish","4":"has-post-thumbnail","6":"product_cat-aufbewahrungs-koerbe","8":"first","9":"instock","10":"taxable","11":"shipping-taxable","12":"purchasable","13":"product-type-simple"},"_links":{"self":[{"href":"https:\/\/klima-theke.com\/index.php?rest_route=\/wp\/v2\/product\/42320","targetHints":{"allow":["GET"]}}],"collection":[{"href":"https:\/\/klima-theke.com\/index.php?rest_route=\/wp\/v2\/product"}],"about":[{"href":"https:\/\/klima-theke.com\/index.php?rest_route=\/wp\/v2\/types\/product"}],"wp:featuredmedia":[{"embeddable":true,"href":"https:\/\/klima-theke.com\/index.php?rest_route=\/wp\/v2\/media\/124313"}],"wp:attachment":[{"href":"https:\/\/klima-theke.com\/index.php?rest_route=%2Fwp%2Fv2%2Fmedia&parent=42320"}],"wp:term":[{"taxonomy":"product_cat","embeddable":true,"href":"https:\/\/klima-theke.com\/index.php?rest_route=%2Fwp%2Fv2%2Fproduct_cat&post=42320"},{"taxonomy":"product_tag","embeddable":true,"href":"https:\/\/klima-theke.com\/index.php?rest_route=%2Fwp%2Fv2%2Fproduct_tag&post=42320"}],"curies":[{"name":"wp","href":"https:\/\/api.w.org\/{rel}","templated":true}]}}