{"id":42873,"date":"2023-08-19T10:14:46","date_gmt":"2023-08-19T08:14:46","guid":{"rendered":"https:\/\/klima-theke.com\/?page_id=42873"},"modified":"2023-09-01T22:56:41","modified_gmt":"2023-09-01T20:56:41","slug":"sale","status":"publish","type":"page","link":"https:\/\/klima-theke.com\/?page_id=42873","title":{"rendered":"Sale %"},"content":{"rendered":"\n\t<section class=\"section\" id=\"section_1614881212\">\n\t\t<div class=\"bg section-bg fill bg-fill  bg-loaded\" >\n\n\t\t\t\n\t\t\t\n\t\t\t\n\n\t\t<\/div>\n\n\t\t\n\n\t\t<div class=\"section-content relative\">\n\t\t\t\n\n<p>Willkommen im exklusiven Sale-Bereich von Klima-Theke.com, wo moderne Technologie auf herausragende Angebote st\u00f6\u00dft! Hier finden Sie sorgf\u00e4ltig ausgew\u00e4hlte Produkte, die f\u00fcr ein angenehmes Raumklima sorgen \u2013 von leistungsstarken Ventilatoren und innovativen Klimaanlagen \u00fcber effiziente Luftbefeuchter bis hin zu erstklassigen Grill\u00f6fen. Jedes Produkt in dieser Kollektion entspricht nicht nur dem hohen Qualit\u00e4tsstandard von Klima-Theke.com, sondern ist auch zu einem Preis erh\u00e4ltlich, den Sie sich nicht entgehen lassen sollten.<\/p>\n<p>Ob Sie sich an hei\u00dfen Sommertagen eine frische Brise w\u00fcnschen, die k\u00fchlen Abende mit einem Grillfest bereichern m\u00f6chten oder Ihre Raumluft verbessern m\u00f6chten: Bei uns finden Sie das passende Produkt. Durchst\u00f6bern Sie unsere Sale-Angebote und entdecken Sie technologisch fortschrittliche Produkte zu Preisen, die Ihr Herz h\u00f6herschlagen lassen. Doch warten Sie nicht zu lange \u2013 diese Angebote sind hei\u00df begehrt und schnell vergriffen!<\/p>\n<p>Ein komfortables Zuhause muss nicht teuer sein. Investieren Sie in Qualit\u00e4t und Komfort, ohne Ihr Budget zu \u00fcbersteigen. Herzlich willkommen beim Klima-Theke.com Sale!<\/p>\n\n  \n    <div class=\"row large-columns-3 medium-columns- small-columns-2 row-small\" >\n  \t\n\t     <div class=\"product-small col has-hover product type-product post-52930 status-publish first instock product_cat-terrassenheizer has-post-thumbnail sale taxable shipping-taxable purchasable product-type-simple\">\n\t<div class=\"col-inner\">\n\t\n<div class=\"badge-container absolute left top z-1\">\n<div class=\"callout badge badge-circle\"><div class=\"badge-inner secondary on-sale\"><span class=\"onsale\">Sale!<\/span><\/div><\/div>\n<\/div>\n\t<div class=\"product-small box \">\n\t\t<div class=\"box-image\">\n\t\t\t<div class=\"image-fade_in_back\">\n\t\t\t\t<a href=\"https:\/\/klima-theke.com\/?product=sunred-deckenheizstrahler-artix-corda-1800-w-halogen-braun\" aria-label=\"Sunred Deckenheizstrahler Artix Corda 1800 W Halogen Braun\">\n\t\t\t\t\t<img loading=\"lazy\" decoding=\"async\" width=\"300\" height=\"300\" src=\"https:\/\/klima-theke.com\/wp-content\/uploads\/2023\/10\/719d5008e5403ec8f17aa3c7500809be-4-300x300.jpg\" class=\"attachment-woocommerce_thumbnail size-woocommerce_thumbnail\" alt=\"-\" srcset=\"https:\/\/klima-theke.com\/wp-content\/uploads\/2023\/10\/719d5008e5403ec8f17aa3c7500809be-4-300x300.jpg 300w, https:\/\/klima-theke.com\/wp-content\/uploads\/2023\/10\/719d5008e5403ec8f17aa3c7500809be-4-150x150.jpg 150w, https:\/\/klima-theke.com\/wp-content\/uploads\/2023\/10\/719d5008e5403ec8f17aa3c7500809be-4-768x768.jpg 768w, https:\/\/klima-theke.com\/wp-content\/uploads\/2023\/10\/719d5008e5403ec8f17aa3c7500809be-4-600x600.jpg 600w, https:\/\/klima-theke.com\/wp-content\/uploads\/2023\/10\/719d5008e5403ec8f17aa3c7500809be-4-100x100.jpg 100w, https:\/\/klima-theke.com\/wp-content\/uploads\/2023\/10\/719d5008e5403ec8f17aa3c7500809be-4.jpg 1024w\" sizes=\"auto, (max-width: 300px) 100vw, 300px\" title=\"\"><img loading=\"lazy\" decoding=\"async\" width=\"300\" height=\"300\" src=\"https:\/\/klima-theke.com\/wp-content\/uploads\/2023\/10\/eb28dec1e4f6cda3aca78443bfb83e8c-4-300x300.jpg\" class=\"show-on-hover absolute fill hide-for-small back-image\" alt=\"-\" srcset=\"https:\/\/klima-theke.com\/wp-content\/uploads\/2023\/10\/eb28dec1e4f6cda3aca78443bfb83e8c-4-300x300.jpg 300w, https:\/\/klima-theke.com\/wp-content\/uploads\/2023\/10\/eb28dec1e4f6cda3aca78443bfb83e8c-4-150x150.jpg 150w, https:\/\/klima-theke.com\/wp-content\/uploads\/2023\/10\/eb28dec1e4f6cda3aca78443bfb83e8c-4-768x768.jpg 768w, https:\/\/klima-theke.com\/wp-content\/uploads\/2023\/10\/eb28dec1e4f6cda3aca78443bfb83e8c-4-600x600.jpg 600w, https:\/\/klima-theke.com\/wp-content\/uploads\/2023\/10\/eb28dec1e4f6cda3aca78443bfb83e8c-4-100x100.jpg 100w, https:\/\/klima-theke.com\/wp-content\/uploads\/2023\/10\/eb28dec1e4f6cda3aca78443bfb83e8c-4.jpg 1024w\" sizes=\"auto, (max-width: 300px) 100vw, 300px\" title=\"\">\t\t\t\t<\/a>\n\t\t\t<\/div>\n\t\t\t<div class=\"image-tools is-small top right show-on-hover\">\n\t\t\t\t\t\t\t<\/div>\n\t\t\t<div class=\"image-tools is-small hide-for-small bottom left show-on-hover\">\n\t\t\t\t\t\t\t<\/div>\n\t\t\t<div class=\"image-tools grid-tools text-center hide-for-small bottom hover-slide-in show-on-hover\">\n\t\t\t\t  <a class=\"quick-view\" data-prod=\"52930\" href=\"#quick-view\">Schnellansicht<\/a>\t\t\t<\/div>\n\t\t\t\t\t<\/div>\n\n\t\t<div class=\"box-text box-text-products\">\n\t\t\t<div class=\"title-wrapper\">\t\t<p class=\"category uppercase is-smaller no-text-overflow product-cat op-7\">\n\t\t\tTerrassenheizer\t\t<\/p>\n\t<p class=\"name product-title woocommerce-loop-product__title\"><a href=\"https:\/\/klima-theke.com\/?product=sunred-deckenheizstrahler-artix-corda-1800-w-halogen-braun\" class=\"woocommerce-LoopProduct-link woocommerce-loop-product__link\">Sunred Deckenheizstrahler Artix Corda 1800 W Halogen Braun<\/a><\/p><\/div><div class=\"price-wrapper\">\n\t<span class=\"price\"><del aria-hidden=\"true\"><span class=\"woocommerce-Price-amount amount\"><bdi>330,00&nbsp;<span class=\"woocommerce-Price-currencySymbol\">&euro;<\/span><\/bdi><\/span><\/del> <ins><span class=\"woocommerce-Price-amount amount\"><bdi>308,40&nbsp;<span class=\"woocommerce-Price-currencySymbol\">&euro;<\/span><\/bdi><\/span><\/ins><\/span>\n\n\n\n<\/div>\t\t<\/div>\n\t<\/div>\n\t\n\t<p class=\"wc-gzd-additional-info wc-gzd-additional-info-loop tax-info\">incl. VAT<\/p>\n\n\t<p class=\"wc-gzd-additional-info wc-gzd-additional-info-loop shipping-costs-info\">zzgl. <a href=\"https:\/\/klima-theke.com\/?page_id=33\" target=\"_blank\">Versandkosten<\/a><\/p>\n\n\t<p class=\"wc-gzd-additional-info delivery-time-info wc-gzd-additional-info-loop\">Lieferzeit: lieferbar in 3-4 Werktagen<\/p>\n\n\t<\/div>\n<\/div><div class=\"product-small col has-hover product type-product post-42329 status-publish instock product_cat-aufbewahrungs-koerbe has-post-thumbnail sale taxable shipping-taxable purchasable product-type-simple\">\n\t<div class=\"col-inner\">\n\t\n<div class=\"badge-container absolute left top z-1\">\n<div class=\"callout badge badge-circle\"><div class=\"badge-inner secondary on-sale\"><span class=\"onsale\">Sale!<\/span><\/div><\/div>\n<\/div>\n\t<div class=\"product-small box \">\n\t\t<div class=\"box-image\">\n\t\t\t<div class=\"image-fade_in_back\">\n\t\t\t\t<a href=\"https:\/\/klima-theke.com\/?product=holzkorb-mit-tragegriffen-58x42x29-cm-natur-weide\" aria-label=\"Holzkorb mit Tragegriffen 58\u00d742\u00d729 cm Natur Weide\">\n\t\t\t\t\t<img loading=\"lazy\" decoding=\"async\" width=\"300\" height=\"300\" src=\"https:\/\/klima-theke.com\/wp-content\/uploads\/2023\/10\/867400a0368967eaf051618a3e1b48c4-40-300x300.jpg\" class=\"attachment-woocommerce_thumbnail size-woocommerce_thumbnail\" alt=\"-\" srcset=\"https:\/\/klima-theke.com\/wp-content\/uploads\/2023\/10\/867400a0368967eaf051618a3e1b48c4-40-300x300.jpg 300w, https:\/\/klima-theke.com\/wp-content\/uploads\/2023\/10\/867400a0368967eaf051618a3e1b48c4-40-150x150.jpg 150w, https:\/\/klima-theke.com\/wp-content\/uploads\/2023\/10\/867400a0368967eaf051618a3e1b48c4-40-768x768.jpg 768w, https:\/\/klima-theke.com\/wp-content\/uploads\/2023\/10\/867400a0368967eaf051618a3e1b48c4-40-600x600.jpg 600w, https:\/\/klima-theke.com\/wp-content\/uploads\/2023\/10\/867400a0368967eaf051618a3e1b48c4-40-100x100.jpg 100w, https:\/\/klima-theke.com\/wp-content\/uploads\/2023\/10\/867400a0368967eaf051618a3e1b48c4-40.jpg 1024w\" sizes=\"auto, (max-width: 300px) 100vw, 300px\" title=\"\"><img loading=\"lazy\" decoding=\"async\" width=\"300\" height=\"300\" src=\"https:\/\/klima-theke.com\/wp-content\/uploads\/2023\/10\/567b5436bbfb2c3c48d28ee6df3f7979-40-300x300.jpg\" class=\"show-on-hover absolute fill hide-for-small back-image\" alt=\"-\" srcset=\"https:\/\/klima-theke.com\/wp-content\/uploads\/2023\/10\/567b5436bbfb2c3c48d28ee6df3f7979-40-300x300.jpg 300w, https:\/\/klima-theke.com\/wp-content\/uploads\/2023\/10\/567b5436bbfb2c3c48d28ee6df3f7979-40-150x150.jpg 150w, https:\/\/klima-theke.com\/wp-content\/uploads\/2023\/10\/567b5436bbfb2c3c48d28ee6df3f7979-40-768x768.jpg 768w, https:\/\/klima-theke.com\/wp-content\/uploads\/2023\/10\/567b5436bbfb2c3c48d28ee6df3f7979-40-600x600.jpg 600w, https:\/\/klima-theke.com\/wp-content\/uploads\/2023\/10\/567b5436bbfb2c3c48d28ee6df3f7979-40-100x100.jpg 100w, https:\/\/klima-theke.com\/wp-content\/uploads\/2023\/10\/567b5436bbfb2c3c48d28ee6df3f7979-40.jpg 1024w\" sizes=\"auto, (max-width: 300px) 100vw, 300px\" title=\"\">\t\t\t\t<\/a>\n\t\t\t<\/div>\n\t\t\t<div class=\"image-tools is-small top right show-on-hover\">\n\t\t\t\t\t\t\t<\/div>\n\t\t\t<div class=\"image-tools is-small hide-for-small bottom left show-on-hover\">\n\t\t\t\t\t\t\t<\/div>\n\t\t\t<div class=\"image-tools grid-tools text-center hide-for-small bottom hover-slide-in show-on-hover\">\n\t\t\t\t  <a class=\"quick-view\" data-prod=\"42329\" href=\"#quick-view\">Schnellansicht<\/a>\t\t\t<\/div>\n\t\t\t\t\t<\/div>\n\n\t\t<div class=\"box-text box-text-products\">\n\t\t\t<div class=\"title-wrapper\">\t\t<p class=\"category uppercase is-smaller no-text-overflow product-cat op-7\">\n\t\t\tAufbewahrungs-K\u00f6rbe\t\t<\/p>\n\t<p class=\"name product-title woocommerce-loop-product__title\"><a href=\"https:\/\/klima-theke.com\/?product=holzkorb-mit-tragegriffen-58x42x29-cm-natur-weide\" class=\"woocommerce-LoopProduct-link woocommerce-loop-product__link\">Holzkorb mit Tragegriffen 58\u00d742\u00d729 cm Natur Weide<\/a><\/p><\/div><div class=\"price-wrapper\">\n\t<span class=\"price\"><del aria-hidden=\"true\"><span class=\"woocommerce-Price-amount amount\"><bdi>42,00&nbsp;<span class=\"woocommerce-Price-currencySymbol\">&euro;<\/span><\/bdi><\/span><\/del> <ins><span class=\"woocommerce-Price-amount amount\"><bdi>38,40&nbsp;<span class=\"woocommerce-Price-currencySymbol\">&euro;<\/span><\/bdi><\/span><\/ins><\/span>\n\n\n\n<\/div>\t\t<\/div>\n\t<\/div>\n\t\n\t<p class=\"wc-gzd-additional-info wc-gzd-additional-info-loop tax-info\">incl. VAT<\/p>\n\n\t<p class=\"wc-gzd-additional-info wc-gzd-additional-info-loop shipping-costs-info\">zzgl. <a href=\"https:\/\/klima-theke.com\/?page_id=33\" target=\"_blank\">Versandkosten<\/a><\/p>\n\n\t<p class=\"wc-gzd-additional-info delivery-time-info wc-gzd-additional-info-loop\">Lieferzeit: lieferbar in 2-3 Werktagen<\/p>\n\n\t<\/div>\n<\/div><div class=\"product-small col has-hover product type-product post-40510 status-publish last instock product_cat-pools-whirlpools has-post-thumbnail sale taxable shipping-taxable purchasable product-type-simple\">\n\t<div class=\"col-inner\">\n\t\n<div class=\"badge-container absolute left top z-1\">\n<div class=\"callout badge badge-circle\"><div class=\"badge-inner secondary on-sale\"><span class=\"onsale\">Sale!<\/span><\/div><\/div>\n<\/div>\n\t<div class=\"product-small box \">\n\t\t<div class=\"box-image\">\n\t\t\t<div class=\"image-fade_in_back\">\n\t\t\t\t<a href=\"https:\/\/klima-theke.com\/?product=bestway-lay-z-spa-aufblasbarer-whirlpool-hawaii-airjet\" aria-label=\"Bestway Lay-Z-Spa Aufblasbarer Whirlpool Hawaii AirJet\">\n\t\t\t\t\t<img loading=\"lazy\" decoding=\"async\" width=\"300\" height=\"300\" src=\"https:\/\/klima-theke.com\/wp-content\/uploads\/2023\/10\/d50ae1cbf5e1e894b80081f9d0acb3b3-4-300x300.jpg\" class=\"attachment-woocommerce_thumbnail size-woocommerce_thumbnail\" alt=\"-\" srcset=\"https:\/\/klima-theke.com\/wp-content\/uploads\/2023\/10\/d50ae1cbf5e1e894b80081f9d0acb3b3-4-300x300.jpg 300w, https:\/\/klima-theke.com\/wp-content\/uploads\/2023\/10\/d50ae1cbf5e1e894b80081f9d0acb3b3-4-150x150.jpg 150w, https:\/\/klima-theke.com\/wp-content\/uploads\/2023\/10\/d50ae1cbf5e1e894b80081f9d0acb3b3-4-768x768.jpg 768w, https:\/\/klima-theke.com\/wp-content\/uploads\/2023\/10\/d50ae1cbf5e1e894b80081f9d0acb3b3-4-600x600.jpg 600w, https:\/\/klima-theke.com\/wp-content\/uploads\/2023\/10\/d50ae1cbf5e1e894b80081f9d0acb3b3-4-100x100.jpg 100w, https:\/\/klima-theke.com\/wp-content\/uploads\/2023\/10\/d50ae1cbf5e1e894b80081f9d0acb3b3-4.jpg 1024w\" sizes=\"auto, (max-width: 300px) 100vw, 300px\" title=\"\"><img loading=\"lazy\" decoding=\"async\" width=\"300\" height=\"300\" src=\"https:\/\/klima-theke.com\/wp-content\/uploads\/2023\/10\/3919fdb11fd999db30d339a95dbd38c2-4-300x300.jpg\" class=\"show-on-hover absolute fill hide-for-small back-image\" alt=\"-\" srcset=\"https:\/\/klima-theke.com\/wp-content\/uploads\/2023\/10\/3919fdb11fd999db30d339a95dbd38c2-4-300x300.jpg 300w, https:\/\/klima-theke.com\/wp-content\/uploads\/2023\/10\/3919fdb11fd999db30d339a95dbd38c2-4-150x150.jpg 150w, https:\/\/klima-theke.com\/wp-content\/uploads\/2023\/10\/3919fdb11fd999db30d339a95dbd38c2-4-768x768.jpg 768w, https:\/\/klima-theke.com\/wp-content\/uploads\/2023\/10\/3919fdb11fd999db30d339a95dbd38c2-4-600x600.jpg 600w, https:\/\/klima-theke.com\/wp-content\/uploads\/2023\/10\/3919fdb11fd999db30d339a95dbd38c2-4-100x100.jpg 100w, https:\/\/klima-theke.com\/wp-content\/uploads\/2023\/10\/3919fdb11fd999db30d339a95dbd38c2-4.jpg 1024w\" sizes=\"auto, (max-width: 300px) 100vw, 300px\" title=\"\">\t\t\t\t<\/a>\n\t\t\t<\/div>\n\t\t\t<div class=\"image-tools is-small top right show-on-hover\">\n\t\t\t\t\t\t\t<\/div>\n\t\t\t<div class=\"image-tools is-small hide-for-small bottom left show-on-hover\">\n\t\t\t\t\t\t\t<\/div>\n\t\t\t<div class=\"image-tools grid-tools text-center hide-for-small bottom hover-slide-in show-on-hover\">\n\t\t\t\t  <a class=\"quick-view\" data-prod=\"40510\" href=\"#quick-view\">Schnellansicht<\/a>\t\t\t<\/div>\n\t\t\t\t\t<\/div>\n\n\t\t<div class=\"box-text box-text-products\">\n\t\t\t<div class=\"title-wrapper\">\t\t<p class=\"category uppercase is-smaller no-text-overflow product-cat op-7\">\n\t\t\tPools &amp; Whirlpools\t\t<\/p>\n\t<p class=\"name product-title woocommerce-loop-product__title\"><a href=\"https:\/\/klima-theke.com\/?product=bestway-lay-z-spa-aufblasbarer-whirlpool-hawaii-airjet\" class=\"woocommerce-LoopProduct-link woocommerce-loop-product__link\">Bestway Lay-Z-Spa Aufblasbarer Whirlpool Hawaii AirJet<\/a><\/p><\/div><div class=\"price-wrapper\">\n\t<span class=\"price\"><del aria-hidden=\"true\"><span class=\"woocommerce-Price-amount amount\"><bdi>780,00&nbsp;<span class=\"woocommerce-Price-currencySymbol\">&euro;<\/span><\/bdi><\/span><\/del> <ins><span class=\"woocommerce-Price-amount amount\"><bdi>660,00&nbsp;<span class=\"woocommerce-Price-currencySymbol\">&euro;<\/span><\/bdi><\/span><\/ins><\/span>\n\n\n\n<\/div>\t\t<\/div>\n\t<\/div>\n\t\n\t<p class=\"wc-gzd-additional-info wc-gzd-additional-info-loop tax-info\">incl. VAT<\/p>\n\n\t<p class=\"wc-gzd-additional-info wc-gzd-additional-info-loop shipping-costs-info\">zzgl. <a href=\"https:\/\/klima-theke.com\/?page_id=33\" target=\"_blank\">Versandkosten<\/a><\/p>\n\n\t<p class=\"wc-gzd-additional-info delivery-time-info wc-gzd-additional-info-loop\">Lieferzeit: lieferbar in 2-3 Werktagen<\/p>\n\n\t<\/div>\n<\/div><div class=\"product-small col has-hover product type-product post-40475 status-publish first instock product_cat-kamine-grills-grillkamine has-post-thumbnail sale taxable shipping-taxable purchasable product-type-simple\">\n\t<div class=\"col-inner\">\n\t\n<div class=\"badge-container absolute left top z-1\">\n<div class=\"callout badge badge-circle\"><div class=\"badge-inner secondary on-sale\"><span class=\"onsale\">Sale!<\/span><\/div><\/div>\n<\/div>\n\t<div class=\"product-small box \">\n\t\t<div class=\"box-image\">\n\t\t\t<div class=\"image-fade_in_back\">\n\t\t\t\t<a href=\"https:\/\/klima-theke.com\/?product=redfire-feuerkorb-dallas-schwarz-stahl\" aria-label=\"RedFire Feuerkorb Dallas Schwarz Stahl\">\n\t\t\t\t\t<img loading=\"lazy\" decoding=\"async\" width=\"300\" height=\"300\" src=\"https:\/\/klima-theke.com\/wp-content\/uploads\/2023\/10\/685925152dc7424ef1144b5c71ef57fb-10-300x300.jpg\" class=\"attachment-woocommerce_thumbnail size-woocommerce_thumbnail\" alt=\"-\" srcset=\"https:\/\/klima-theke.com\/wp-content\/uploads\/2023\/10\/685925152dc7424ef1144b5c71ef57fb-10-300x300.jpg 300w, https:\/\/klima-theke.com\/wp-content\/uploads\/2023\/10\/685925152dc7424ef1144b5c71ef57fb-10-150x150.jpg 150w, https:\/\/klima-theke.com\/wp-content\/uploads\/2023\/10\/685925152dc7424ef1144b5c71ef57fb-10-768x768.jpg 768w, https:\/\/klima-theke.com\/wp-content\/uploads\/2023\/10\/685925152dc7424ef1144b5c71ef57fb-10-600x600.jpg 600w, https:\/\/klima-theke.com\/wp-content\/uploads\/2023\/10\/685925152dc7424ef1144b5c71ef57fb-10-100x100.jpg 100w, https:\/\/klima-theke.com\/wp-content\/uploads\/2023\/10\/685925152dc7424ef1144b5c71ef57fb-10.jpg 1024w\" sizes=\"auto, (max-width: 300px) 100vw, 300px\" title=\"\"><img loading=\"lazy\" decoding=\"async\" width=\"300\" height=\"300\" src=\"https:\/\/klima-theke.com\/wp-content\/uploads\/2023\/10\/5c5ca483201ac13b55ba049a3ac35ec8-10-300x300.jpg\" class=\"show-on-hover absolute fill hide-for-small back-image\" alt=\"-\" srcset=\"https:\/\/klima-theke.com\/wp-content\/uploads\/2023\/10\/5c5ca483201ac13b55ba049a3ac35ec8-10-300x300.jpg 300w, https:\/\/klima-theke.com\/wp-content\/uploads\/2023\/10\/5c5ca483201ac13b55ba049a3ac35ec8-10-150x150.jpg 150w, https:\/\/klima-theke.com\/wp-content\/uploads\/2023\/10\/5c5ca483201ac13b55ba049a3ac35ec8-10-768x768.jpg 768w, https:\/\/klima-theke.com\/wp-content\/uploads\/2023\/10\/5c5ca483201ac13b55ba049a3ac35ec8-10-600x600.jpg 600w, https:\/\/klima-theke.com\/wp-content\/uploads\/2023\/10\/5c5ca483201ac13b55ba049a3ac35ec8-10-100x100.jpg 100w, https:\/\/klima-theke.com\/wp-content\/uploads\/2023\/10\/5c5ca483201ac13b55ba049a3ac35ec8-10.jpg 1024w\" sizes=\"auto, (max-width: 300px) 100vw, 300px\" title=\"\">\t\t\t\t<\/a>\n\t\t\t<\/div>\n\t\t\t<div class=\"image-tools is-small top right show-on-hover\">\n\t\t\t\t\t\t\t<\/div>\n\t\t\t<div class=\"image-tools is-small hide-for-small bottom left show-on-hover\">\n\t\t\t\t\t\t\t<\/div>\n\t\t\t<div class=\"image-tools grid-tools text-center hide-for-small bottom hover-slide-in show-on-hover\">\n\t\t\t\t  <a class=\"quick-view\" data-prod=\"40475\" href=\"#quick-view\">Schnellansicht<\/a>\t\t\t<\/div>\n\t\t\t\t\t<\/div>\n\n\t\t<div class=\"box-text box-text-products\">\n\t\t\t<div class=\"title-wrapper\">\t\t<p class=\"category uppercase is-smaller no-text-overflow product-cat op-7\">\n\t\t\tKamine \/ Grills \/ Grillkamine\t\t<\/p>\n\t<p class=\"name product-title woocommerce-loop-product__title\"><a href=\"https:\/\/klima-theke.com\/?product=redfire-feuerkorb-dallas-schwarz-stahl\" class=\"woocommerce-LoopProduct-link woocommerce-loop-product__link\">RedFire Feuerkorb Dallas Schwarz Stahl<\/a><\/p><\/div><div class=\"price-wrapper\">\n\t<span class=\"price\"><del aria-hidden=\"true\"><span class=\"woocommerce-Price-amount amount\"><bdi>172,80&nbsp;<span class=\"woocommerce-Price-currencySymbol\">&euro;<\/span><\/bdi><\/span><\/del> <ins><span class=\"woocommerce-Price-amount amount\"><bdi>138,00&nbsp;<span class=\"woocommerce-Price-currencySymbol\">&euro;<\/span><\/bdi><\/span><\/ins><\/span>\n\n\n\n<\/div>\t\t<\/div>\n\t<\/div>\n\t\n\t<p class=\"wc-gzd-additional-info wc-gzd-additional-info-loop tax-info\">incl. VAT<\/p>\n\n\t<p class=\"wc-gzd-additional-info wc-gzd-additional-info-loop shipping-costs-info\">zzgl. <a href=\"https:\/\/klima-theke.com\/?page_id=33\" target=\"_blank\">Versandkosten<\/a><\/p>\n\n\t<p class=\"wc-gzd-additional-info delivery-time-info wc-gzd-additional-info-loop\">Lieferzeit: lieferbar in 2-3 Werktagen<\/p>\n\n\t<\/div>\n<\/div><div class=\"product-small col has-hover product type-product post-5133 status-publish instock product_cat-terrassenheizer has-post-thumbnail sale taxable shipping-taxable purchasable product-type-simple\">\n\t<div class=\"col-inner\">\n\t\n<div class=\"badge-container absolute left top z-1\">\n<div class=\"callout badge badge-circle\"><div class=\"badge-inner secondary on-sale\"><span class=\"onsale\">Sale!<\/span><\/div><\/div>\n<\/div>\n\t<div class=\"product-small box \">\n\t\t<div class=\"box-image\">\n\t\t\t<div class=\"image-fade_in_back\">\n\t\t\t\t<a href=\"https:\/\/klima-theke.com\/?product=tristar-haengender-terrassenheizer-ka-5273-1500-w-halogen-schwarz\" aria-label=\"Tristar H\u00e4ngender Terrassenheizer KA-5273 1500 W Halogen Schwarz\">\n\t\t\t\t\t<img loading=\"lazy\" decoding=\"async\" width=\"300\" height=\"300\" src=\"https:\/\/klima-theke.com\/wp-content\/uploads\/2023\/10\/8713016079558_a_en_hd_1-7-300x300.jpg\" class=\"attachment-woocommerce_thumbnail size-woocommerce_thumbnail\" alt=\"-\" srcset=\"https:\/\/klima-theke.com\/wp-content\/uploads\/2023\/10\/8713016079558_a_en_hd_1-7-300x300.jpg 300w, https:\/\/klima-theke.com\/wp-content\/uploads\/2023\/10\/8713016079558_a_en_hd_1-7-150x150.jpg 150w, https:\/\/klima-theke.com\/wp-content\/uploads\/2023\/10\/8713016079558_a_en_hd_1-7-768x768.jpg 768w, https:\/\/klima-theke.com\/wp-content\/uploads\/2023\/10\/8713016079558_a_en_hd_1-7-600x600.jpg 600w, https:\/\/klima-theke.com\/wp-content\/uploads\/2023\/10\/8713016079558_a_en_hd_1-7-100x100.jpg 100w, https:\/\/klima-theke.com\/wp-content\/uploads\/2023\/10\/8713016079558_a_en_hd_1-7.jpg 1024w\" sizes=\"auto, (max-width: 300px) 100vw, 300px\" title=\"\"><img loading=\"lazy\" decoding=\"async\" width=\"300\" height=\"300\" src=\"https:\/\/klima-theke.com\/wp-content\/uploads\/2023\/10\/8713016079558_g_en_hd_1-7-300x300.jpg\" class=\"show-on-hover absolute fill hide-for-small back-image\" alt=\"-\" srcset=\"https:\/\/klima-theke.com\/wp-content\/uploads\/2023\/10\/8713016079558_g_en_hd_1-7-300x300.jpg 300w, https:\/\/klima-theke.com\/wp-content\/uploads\/2023\/10\/8713016079558_g_en_hd_1-7-150x150.jpg 150w, https:\/\/klima-theke.com\/wp-content\/uploads\/2023\/10\/8713016079558_g_en_hd_1-7-768x768.jpg 768w, https:\/\/klima-theke.com\/wp-content\/uploads\/2023\/10\/8713016079558_g_en_hd_1-7-600x600.jpg 600w, https:\/\/klima-theke.com\/wp-content\/uploads\/2023\/10\/8713016079558_g_en_hd_1-7-100x100.jpg 100w, https:\/\/klima-theke.com\/wp-content\/uploads\/2023\/10\/8713016079558_g_en_hd_1-7.jpg 1024w\" sizes=\"auto, (max-width: 300px) 100vw, 300px\" title=\"\">\t\t\t\t<\/a>\n\t\t\t<\/div>\n\t\t\t<div class=\"image-tools is-small top right show-on-hover\">\n\t\t\t\t\t\t\t<\/div>\n\t\t\t<div class=\"image-tools is-small hide-for-small bottom left show-on-hover\">\n\t\t\t\t\t\t\t<\/div>\n\t\t\t<div class=\"image-tools grid-tools text-center hide-for-small bottom hover-slide-in show-on-hover\">\n\t\t\t\t  <a class=\"quick-view\" data-prod=\"5133\" href=\"#quick-view\">Schnellansicht<\/a>\t\t\t<\/div>\n\t\t\t\t\t<\/div>\n\n\t\t<div class=\"box-text box-text-products\">\n\t\t\t<div class=\"title-wrapper\">\t\t<p class=\"category uppercase is-smaller no-text-overflow product-cat op-7\">\n\t\t\tTerrassenheizer\t\t<\/p>\n\t<p class=\"name product-title woocommerce-loop-product__title\"><a href=\"https:\/\/klima-theke.com\/?product=tristar-haengender-terrassenheizer-ka-5273-1500-w-halogen-schwarz\" class=\"woocommerce-LoopProduct-link woocommerce-loop-product__link\">Tristar H\u00e4ngender Terrassenheizer KA-5273 1500 W Halogen Schwarz<\/a><\/p><\/div><div class=\"price-wrapper\">\n\t<span class=\"price\"><del aria-hidden=\"true\"><span class=\"woocommerce-Price-amount amount\"><bdi>96,00&nbsp;<span class=\"woocommerce-Price-currencySymbol\">&euro;<\/span><\/bdi><\/span><\/del> <ins><span class=\"woocommerce-Price-amount amount\"><bdi>94,80&nbsp;<span class=\"woocommerce-Price-currencySymbol\">&euro;<\/span><\/bdi><\/span><\/ins><\/span>\n\n\n\n<\/div>\t\t<\/div>\n\t<\/div>\n\t\n\t<p class=\"wc-gzd-additional-info wc-gzd-additional-info-loop tax-info\">incl. VAT<\/p>\n\n\t<p class=\"wc-gzd-additional-info wc-gzd-additional-info-loop shipping-costs-info\">zzgl. <a href=\"https:\/\/klima-theke.com\/?page_id=33\" target=\"_blank\">Versandkosten<\/a><\/p>\n\n\t<p class=\"wc-gzd-additional-info delivery-time-info wc-gzd-additional-info-loop\">Lieferzeit: lieferbar in 2-3 Werktagen<\/p>\n\n\t<\/div>\n<\/div><div class=\"product-small col has-hover product type-product post-5112 status-publish last instock product_cat-luftbefeuchter-diffusor has-post-thumbnail sale taxable shipping-taxable purchasable product-type-simple\">\n\t<div class=\"col-inner\">\n\t\n<div class=\"badge-container absolute left top z-1\">\n<div class=\"callout badge badge-circle\"><div class=\"badge-inner secondary on-sale\"><span class=\"onsale\">Sale!<\/span><\/div><\/div>\n<\/div>\n\t<div class=\"product-small box \">\n\t\t<div class=\"box-image\">\n\t\t\t<div class=\"image-fade_in_back\">\n\t\t\t\t<a href=\"https:\/\/klima-theke.com\/?product=luftbefeuchter-mit-ultraschall-aromazerstaeuber-und-led-licht-stearal-innovagoods\" aria-label=\"Luftbefeuchter mit Ultraschall, Aromazerst\u00e4uber und LED-Licht Stearal InnovaGoods\">\n\t\t\t\t\t<img loading=\"lazy\" decoding=\"async\" width=\"300\" height=\"300\" src=\"https:\/\/klima-theke.com\/wp-content\/uploads\/2023\/10\/8435527817862_V0103247_000_MKT-74-300x300.jpg\" class=\"attachment-woocommerce_thumbnail size-woocommerce_thumbnail\" alt=\"-\" srcset=\"https:\/\/klima-theke.com\/wp-content\/uploads\/2023\/10\/8435527817862_V0103247_000_MKT-74-300x300.jpg 300w, https:\/\/klima-theke.com\/wp-content\/uploads\/2023\/10\/8435527817862_V0103247_000_MKT-74-150x150.jpg 150w, https:\/\/klima-theke.com\/wp-content\/uploads\/2023\/10\/8435527817862_V0103247_000_MKT-74-100x100.jpg 100w, https:\/\/klima-theke.com\/wp-content\/uploads\/2023\/10\/8435527817862_V0103247_000_MKT-74.jpg 600w\" sizes=\"auto, (max-width: 300px) 100vw, 300px\" title=\"\"><img loading=\"lazy\" decoding=\"async\" width=\"300\" height=\"300\" src=\"https:\/\/klima-theke.com\/wp-content\/uploads\/2023\/10\/8435527817862_V0103247_110_WBG-74-300x300.jpg\" class=\"show-on-hover absolute fill hide-for-small back-image\" alt=\"-\" srcset=\"https:\/\/klima-theke.com\/wp-content\/uploads\/2023\/10\/8435527817862_V0103247_110_WBG-74-300x300.jpg 300w, https:\/\/klima-theke.com\/wp-content\/uploads\/2023\/10\/8435527817862_V0103247_110_WBG-74-150x150.jpg 150w, https:\/\/klima-theke.com\/wp-content\/uploads\/2023\/10\/8435527817862_V0103247_110_WBG-74-100x100.jpg 100w, https:\/\/klima-theke.com\/wp-content\/uploads\/2023\/10\/8435527817862_V0103247_110_WBG-74.jpg 600w\" sizes=\"auto, (max-width: 300px) 100vw, 300px\" title=\"\">\t\t\t\t<\/a>\n\t\t\t<\/div>\n\t\t\t<div class=\"image-tools is-small top right show-on-hover\">\n\t\t\t\t\t\t\t<\/div>\n\t\t\t<div class=\"image-tools is-small hide-for-small bottom left show-on-hover\">\n\t\t\t\t\t\t\t<\/div>\n\t\t\t<div class=\"image-tools grid-tools text-center hide-for-small bottom hover-slide-in show-on-hover\">\n\t\t\t\t  <a class=\"quick-view\" data-prod=\"5112\" href=\"#quick-view\">Schnellansicht<\/a>\t\t\t<\/div>\n\t\t\t\t\t<\/div>\n\n\t\t<div class=\"box-text box-text-products\">\n\t\t\t<div class=\"title-wrapper\">\t\t<p class=\"category uppercase is-smaller no-text-overflow product-cat op-7\">\n\t\t\tLuftbefeuchter\/Diffusor\t\t<\/p>\n\t<p class=\"name product-title woocommerce-loop-product__title\"><a href=\"https:\/\/klima-theke.com\/?product=luftbefeuchter-mit-ultraschall-aromazerstaeuber-und-led-licht-stearal-innovagoods\" class=\"woocommerce-LoopProduct-link woocommerce-loop-product__link\">Luftbefeuchter mit Ultraschall, Aromazerst\u00e4uber und LED-Licht Stearal InnovaGoods<\/a><\/p><\/div><div class=\"price-wrapper\">\n\t<span class=\"price\"><del aria-hidden=\"true\"><span class=\"woocommerce-Price-amount amount\"><bdi>20,40&nbsp;<span class=\"woocommerce-Price-currencySymbol\">&euro;<\/span><\/bdi><\/span><\/del> <ins><span class=\"woocommerce-Price-amount amount\"><bdi>16,80&nbsp;<span class=\"woocommerce-Price-currencySymbol\">&euro;<\/span><\/bdi><\/span><\/ins><\/span>\n\n\n\n<\/div>\t\t<\/div>\n\t<\/div>\n\t\n\t<p class=\"wc-gzd-additional-info wc-gzd-additional-info-loop tax-info\">incl. VAT<\/p>\n\n\t<p class=\"wc-gzd-additional-info wc-gzd-additional-info-loop shipping-costs-info\">zzgl. <a href=\"https:\/\/klima-theke.com\/?page_id=33\" target=\"_blank\">Versandkosten<\/a><\/p>\n\n\t<p class=\"wc-gzd-additional-info delivery-time-info wc-gzd-additional-info-loop\">Lieferzeit: lieferbar in 2-3 Werktagen<\/p>\n\n\t<\/div>\n<\/div><div class=\"product-small col has-hover product type-product post-3468 status-publish first instock product_cat-luftentfeuchter has-post-thumbnail sale taxable shipping-taxable purchasable product-type-simple\">\n\t<div class=\"col-inner\">\n\t\n<div class=\"badge-container absolute left top z-1\">\n<div class=\"callout badge badge-circle\"><div class=\"badge-inner secondary on-sale\"><span class=\"onsale\">Sale!<\/span><\/div><\/div>\n<\/div>\n\t<div class=\"product-small box \">\n\t\t<div class=\"box-image\">\n\t\t\t<div class=\"image-fade_in_back\">\n\t\t\t\t<a href=\"https:\/\/klima-theke.com\/?product=luftentfeuchter-cecotec-bigdry-2500-essential-360-2l-weiss\" aria-label=\"Luftentfeuchter Cecotec BigDry 2500 Essential 360 2L Wei\u00df\">\n\t\t\t\t\t<img loading=\"lazy\" decoding=\"async\" width=\"300\" height=\"300\" src=\"https:\/\/klima-theke.com\/wp-content\/uploads\/2023\/10\/8435484056038_0_p00-18-300x300.jpg\" class=\"attachment-woocommerce_thumbnail size-woocommerce_thumbnail\" alt=\"-\" srcset=\"https:\/\/klima-theke.com\/wp-content\/uploads\/2023\/10\/8435484056038_0_p00-18-300x300.jpg 300w, https:\/\/klima-theke.com\/wp-content\/uploads\/2023\/10\/8435484056038_0_p00-18-1024x1024.jpg 1024w, https:\/\/klima-theke.com\/wp-content\/uploads\/2023\/10\/8435484056038_0_p00-18-150x150.jpg 150w, https:\/\/klima-theke.com\/wp-content\/uploads\/2023\/10\/8435484056038_0_p00-18-768x768.jpg 768w, https:\/\/klima-theke.com\/wp-content\/uploads\/2023\/10\/8435484056038_0_p00-18-600x600.jpg 600w, https:\/\/klima-theke.com\/wp-content\/uploads\/2023\/10\/8435484056038_0_p00-18-100x100.jpg 100w, https:\/\/klima-theke.com\/wp-content\/uploads\/2023\/10\/8435484056038_0_p00-18.jpg 1200w\" sizes=\"auto, (max-width: 300px) 100vw, 300px\" title=\"\">\t\t\t\t<\/a>\n\t\t\t<\/div>\n\t\t\t<div class=\"image-tools is-small top right show-on-hover\">\n\t\t\t\t\t\t\t<\/div>\n\t\t\t<div class=\"image-tools is-small hide-for-small bottom left show-on-hover\">\n\t\t\t\t\t\t\t<\/div>\n\t\t\t<div class=\"image-tools grid-tools text-center hide-for-small bottom hover-slide-in show-on-hover\">\n\t\t\t\t  <a class=\"quick-view\" data-prod=\"3468\" href=\"#quick-view\">Schnellansicht<\/a>\t\t\t<\/div>\n\t\t\t\t\t<\/div>\n\n\t\t<div class=\"box-text box-text-products\">\n\t\t\t<div class=\"title-wrapper\">\t\t<p class=\"category uppercase is-smaller no-text-overflow product-cat op-7\">\n\t\t\tLuftentfeuchter\t\t<\/p>\n\t<p class=\"name product-title woocommerce-loop-product__title\"><a href=\"https:\/\/klima-theke.com\/?product=luftentfeuchter-cecotec-bigdry-2500-essential-360-2l-weiss\" class=\"woocommerce-LoopProduct-link woocommerce-loop-product__link\">Luftentfeuchter Cecotec BigDry 2500 Essential 360 2L Wei\u00df<\/a><\/p><\/div><div class=\"price-wrapper\">\n\t<span class=\"price\"><del aria-hidden=\"true\"><span class=\"woocommerce-Price-amount amount\"><bdi>90,00&nbsp;<span class=\"woocommerce-Price-currencySymbol\">&euro;<\/span><\/bdi><\/span><\/del> <ins><span class=\"woocommerce-Price-amount amount\"><bdi>78,00&nbsp;<span class=\"woocommerce-Price-currencySymbol\">&euro;<\/span><\/bdi><\/span><\/ins><\/span>\n\n\n\n<\/div>\t\t<\/div>\n\t<\/div>\n\t\n\t<p class=\"wc-gzd-additional-info wc-gzd-additional-info-loop tax-info\">incl. VAT<\/p>\n\n\t<p class=\"wc-gzd-additional-info wc-gzd-additional-info-loop shipping-costs-info\">zzgl. <a href=\"https:\/\/klima-theke.com\/?page_id=33\" target=\"_blank\">Versandkosten<\/a><\/p>\n\n\t<p class=\"wc-gzd-additional-info delivery-time-info wc-gzd-additional-info-loop\">Lieferzeit: lieferbar in 2-3 Werktagen<\/p>\n\n\t<\/div>\n<\/div><\/div>\n\n\n\t\t<\/div>\n\n\t\t\n<style>\n#section_1614881212 {\n  padding-top: 30px;\n  padding-bottom: 30px;\n}\n<\/style>\n\t<\/section>\n\t\n\n","protected":false},"excerpt":{"rendered":"","protected":false},"author":2,"featured_media":0,"parent":0,"menu_order":0,"comment_status":"closed","ping_status":"closed","template":"","meta":{"footnotes":""},"class_list":["post-42873","page","type-page","status-publish","hentry"],"_links":{"self":[{"href":"https:\/\/klima-theke.com\/index.php?rest_route=\/wp\/v2\/pages\/42873","targetHints":{"allow":["GET"]}}],"collection":[{"href":"https:\/\/klima-theke.com\/index.php?rest_route=\/wp\/v2\/pages"}],"about":[{"href":"https:\/\/klima-theke.com\/index.php?rest_route=\/wp\/v2\/types\/page"}],"author":[{"embeddable":true,"href":"https:\/\/klima-theke.com\/index.php?rest_route=\/wp\/v2\/users\/2"}],"replies":[{"embeddable":true,"href":"https:\/\/klima-theke.com\/index.php?rest_route=%2Fwp%2Fv2%2Fcomments&post=42873"}],"version-history":[{"count":4,"href":"https:\/\/klima-theke.com\/index.php?rest_route=\/wp\/v2\/pages\/42873\/revisions"}],"predecessor-version":[{"id":62317,"href":"https:\/\/klima-theke.com\/index.php?rest_route=\/wp\/v2\/pages\/42873\/revisions\/62317"}],"wp:attachment":[{"href":"https:\/\/klima-theke.com\/index.php?rest_route=%2Fwp%2Fv2%2Fmedia&parent=42873"}],"curies":[{"name":"wp","href":"https:\/\/api.w.org\/{rel}","templated":true}]}}